{"id":485,"date":"2024-01-31T15:23:20","date_gmt":"2024-01-31T14:23:20","guid":{"rendered":"https:\/\/www.stylevoll.ch\/?page_id=485"},"modified":"2024-02-16T13:34:25","modified_gmt":"2024-02-16T12:34:25","slug":"ueber-mich","status":"publish","type":"page","link":"https:\/\/www.stylevoll.ch\/de\/ueber-mich\/","title":{"rendered":"\u00dcber mich"},"content":{"rendered":"<div id=\"cs-content\" class=\"cs-content\"><\/div>\n","protected":false},"excerpt":{"rendered":"<p>\u00dcber michHey, ich bin C\u00e9cile! Seit vielen Jahren habe ich eine unb\u00e4ndige Leidenschaft f\u00fcr den Umgang mit sch\u00f6nen Dingen. Nichts lag daher n\u00e4her, als meine Passion zum Beruf zu machen. So bin ich seit 2020 offiziell als Style-, Environment-\u00a0und Image-Coach im Einsatz. Und habe das Gl\u00fcck, einer T\u00e4tigkeit nachgehen zu d\u00fcrfen, die mich jeden Tag aufs Neue mit Begeisterung erf\u00fcllt! &#8230; <a href=\"https:\/\/www.stylevoll.ch\/de\/ueber-mich\/\" class=\"more-link\">Read More<\/a><\/p>\n","protected":false},"author":1,"featured_media":0,"parent":0,"menu_order":0,"comment_status":"closed","ping_status":"closed","template":"template-blank-4.php","meta":{"iawp_total_views":494,"footnotes":""},"class_list":["post-485","page","type-page","status-publish","hentry","no-post-thumbnail"],"yoast_head":"<!-- This site is optimized with the Yoast SEO plugin v28.3 - https:\/\/yoast.com\/product\/yoast-seo-wordpress\/ -->\n<title>Wer ist C\u00e9cile Yurtbil | STYLEvoll by C\u00e9cile Yurtbil<\/title>\n<meta name=\"description\" content=\"Wer ist C\u00e9cile Yurtbil | Seit vielen Jahren habe ich eine unb\u00e4ndige Leidenschaft f\u00fcr den Umgang mit sch\u00f6nen Dingen. Nichts lag daher n\u00e4her ...\" \/>\n<meta name=\"robots\" content=\"index, follow, max-snippet:-1, max-image-preview:large, max-video-preview:-1\" \/>\n<link rel=\"canonical\" href=\"https:\/\/www.stylevoll.ch\/de\/ueber-mich\/\" \/>\n<meta property=\"og:locale\" content=\"de_DE\" \/>\n<meta property=\"og:type\" content=\"article\" \/>\n<meta property=\"og:title\" content=\"Wer ist C\u00e9cile Yurtbil | STYLEvoll by C\u00e9cile Yurtbil\" \/>\n<meta property=\"og:description\" content=\"Wer ist C\u00e9cile Yurtbil | Seit vielen Jahren habe ich eine unb\u00e4ndige Leidenschaft f\u00fcr den Umgang mit sch\u00f6nen Dingen. Nichts lag daher n\u00e4her ...\" \/>\n<meta property=\"og:url\" content=\"https:\/\/www.stylevoll.ch\/de\/ueber-mich\/\" \/>\n<meta property=\"og:site_name\" content=\"STYLEvoll\" \/>\n<meta property=\"article:modified_time\" content=\"2024-02-16T12:34:25+00:00\" \/>\n<meta name=\"twitter:card\" content=\"summary_large_image\" \/>\n<meta name=\"twitter:label1\" content=\"Gesch\u00e4tzte Lesezeit\" \/>\n\t<meta name=\"twitter:data1\" content=\"3\u00a0Minuten\" \/>\n<script type=\"application\/ld+json\" class=\"yoast-schema-graph\">{\"@context\":\"https:\\\/\\\/schema.org\",\"@graph\":[{\"@type\":\"WebPage\",\"@id\":\"https:\\\/\\\/www.stylevoll.ch\\\/de\\\/ueber-mich\\\/\",\"url\":\"https:\\\/\\\/www.stylevoll.ch\\\/de\\\/ueber-mich\\\/\",\"name\":\"Wer ist C\u00e9cile Yurtbil | STYLEvoll by C\u00e9cile Yurtbil\",\"isPartOf\":{\"@id\":\"https:\\\/\\\/www.stylevoll.ch\\\/de\\\/#website\"},\"datePublished\":\"2024-01-31T14:23:20+00:00\",\"dateModified\":\"2024-02-16T12:34:25+00:00\",\"description\":\"Wer ist C\u00e9cile Yurtbil | Seit vielen Jahren habe ich eine unb\u00e4ndige Leidenschaft f\u00fcr den Umgang mit sch\u00f6nen Dingen. Nichts lag daher n\u00e4her ...\",\"breadcrumb\":{\"@id\":\"https:\\\/\\\/www.stylevoll.ch\\\/de\\\/ueber-mich\\\/#breadcrumb\"},\"inLanguage\":\"de\",\"potentialAction\":[{\"@type\":\"ReadAction\",\"target\":[\"https:\\\/\\\/www.stylevoll.ch\\\/de\\\/ueber-mich\\\/\"]}]},{\"@type\":\"BreadcrumbList\",\"@id\":\"https:\\\/\\\/www.stylevoll.ch\\\/de\\\/ueber-mich\\\/#breadcrumb\",\"itemListElement\":[{\"@type\":\"ListItem\",\"position\":1,\"name\":\"Startseite\",\"item\":\"https:\\\/\\\/www.stylevoll.ch\\\/de\\\/\"},{\"@type\":\"ListItem\",\"position\":2,\"name\":\"\u00dcber mich\"}]},{\"@type\":\"WebSite\",\"@id\":\"https:\\\/\\\/www.stylevoll.ch\\\/de\\\/#website\",\"url\":\"https:\\\/\\\/www.stylevoll.ch\\\/de\\\/\",\"name\":\"STYLEvoll\",\"description\":\"\",\"potentialAction\":[{\"@type\":\"SearchAction\",\"target\":{\"@type\":\"EntryPoint\",\"urlTemplate\":\"https:\\\/\\\/www.stylevoll.ch\\\/de\\\/?s={search_term_string}\"},\"query-input\":{\"@type\":\"PropertyValueSpecification\",\"valueRequired\":true,\"valueName\":\"search_term_string\"}}],\"inLanguage\":\"de\"}]}<\/script>\n<!-- \/ Yoast SEO plugin. -->","yoast_head_json":{"title":"Wer ist C\u00e9cile Yurtbil | STYLEvoll by C\u00e9cile Yurtbil","description":"Wer ist C\u00e9cile Yurtbil | Seit vielen Jahren habe ich eine unb\u00e4ndige Leidenschaft f\u00fcr den Umgang mit sch\u00f6nen Dingen. Nichts lag daher n\u00e4her ...","robots":{"index":"index","follow":"follow","max-snippet":"max-snippet:-1","max-image-preview":"max-image-preview:large","max-video-preview":"max-video-preview:-1"},"canonical":"https:\/\/www.stylevoll.ch\/de\/ueber-mich\/","og_locale":"de_DE","og_type":"article","og_title":"Wer ist C\u00e9cile Yurtbil | STYLEvoll by C\u00e9cile Yurtbil","og_description":"Wer ist C\u00e9cile Yurtbil | Seit vielen Jahren habe ich eine unb\u00e4ndige Leidenschaft f\u00fcr den Umgang mit sch\u00f6nen Dingen. Nichts lag daher n\u00e4her ...","og_url":"https:\/\/www.stylevoll.ch\/de\/ueber-mich\/","og_site_name":"STYLEvoll","article_modified_time":"2024-02-16T12:34:25+00:00","twitter_card":"summary_large_image","twitter_misc":{"Gesch\u00e4tzte Lesezeit":"3\u00a0Minuten"},"schema":{"@context":"https:\/\/schema.org","@graph":[{"@type":"WebPage","@id":"https:\/\/www.stylevoll.ch\/de\/ueber-mich\/","url":"https:\/\/www.stylevoll.ch\/de\/ueber-mich\/","name":"Wer ist C\u00e9cile Yurtbil | STYLEvoll by C\u00e9cile Yurtbil","isPartOf":{"@id":"https:\/\/www.stylevoll.ch\/de\/#website"},"datePublished":"2024-01-31T14:23:20+00:00","dateModified":"2024-02-16T12:34:25+00:00","description":"Wer ist C\u00e9cile Yurtbil | Seit vielen Jahren habe ich eine unb\u00e4ndige Leidenschaft f\u00fcr den Umgang mit sch\u00f6nen Dingen. Nichts lag daher n\u00e4her ...","breadcrumb":{"@id":"https:\/\/www.stylevoll.ch\/de\/ueber-mich\/#breadcrumb"},"inLanguage":"de","potentialAction":[{"@type":"ReadAction","target":["https:\/\/www.stylevoll.ch\/de\/ueber-mich\/"]}]},{"@type":"BreadcrumbList","@id":"https:\/\/www.stylevoll.ch\/de\/ueber-mich\/#breadcrumb","itemListElement":[{"@type":"ListItem","position":1,"name":"Startseite","item":"https:\/\/www.stylevoll.ch\/de\/"},{"@type":"ListItem","position":2,"name":"\u00dcber mich"}]},{"@type":"WebSite","@id":"https:\/\/www.stylevoll.ch\/de\/#website","url":"https:\/\/www.stylevoll.ch\/de\/","name":"STYLEvoll","description":"","potentialAction":[{"@type":"SearchAction","target":{"@type":"EntryPoint","urlTemplate":"https:\/\/www.stylevoll.ch\/de\/?s={search_term_string}"},"query-input":{"@type":"PropertyValueSpecification","valueRequired":true,"valueName":"search_term_string"}}],"inLanguage":"de"}]}},"_links":{"self":[{"href":"https:\/\/www.stylevoll.ch\/de\/wp-json\/wp\/v2\/pages\/485","targetHints":{"allow":["GET"]}}],"collection":[{"href":"https:\/\/www.stylevoll.ch\/de\/wp-json\/wp\/v2\/pages"}],"about":[{"href":"https:\/\/www.stylevoll.ch\/de\/wp-json\/wp\/v2\/types\/page"}],"author":[{"embeddable":true,"href":"https:\/\/www.stylevoll.ch\/de\/wp-json\/wp\/v2\/users\/1"}],"replies":[{"embeddable":true,"href":"https:\/\/www.stylevoll.ch\/de\/wp-json\/wp\/v2\/comments?post=485"}],"version-history":[{"count":16,"href":"https:\/\/www.stylevoll.ch\/de\/wp-json\/wp\/v2\/pages\/485\/revisions"}],"predecessor-version":[{"id":630,"href":"https:\/\/www.stylevoll.ch\/de\/wp-json\/wp\/v2\/pages\/485\/revisions\/630"}],"wp:attachment":[{"href":"https:\/\/www.stylevoll.ch\/de\/wp-json\/wp\/v2\/media?parent=485"}],"curies":[{"name":"wp","href":"https:\/\/api.w.org\/{rel}","templated":true}]}}